{"version":"1.0","provider_name":"Mind The Positive","provider_url":"https:\/\/mindthepositive.com\/tr\/","author_name":"MTPadmin","author_url":"https:\/\/mindthepositive.com\/tr\/author\/mtpadmin\/","title":"Menorca\u2019l\u0131 Arkada\u015f\u0131mla Sihirli Bir Etkile\u015fim - Mind The Positive","type":"rich","width":600,"height":338,"html":"<blockquote class=\"wp-embedded-content\" data-secret=\"vX4YDy8HMP\"><a href=\"https:\/\/mindthepositive.com\/tr\/menorcali-arkadasimla-sihirli-bir-etkilesim\/\">Menorca\u2019l\u0131 Arkada\u015f\u0131mla Sihirli Bir Etkile\u015fim<\/a><\/blockquote><iframe sandbox=\"allow-scripts\" security=\"restricted\" src=\"https:\/\/mindthepositive.com\/tr\/menorcali-arkadasimla-sihirli-bir-etkilesim\/embed\/#?secret=vX4YDy8HMP\" width=\"600\" height=\"338\" title=\"&#8220;Menorca\u2019l\u0131 Arkada\u015f\u0131mla Sihirli Bir Etkile\u015fim&#8221; &#8212; Mind The Positive\" data-secret=\"vX4YDy8HMP\" frameborder=\"0\" marginwidth=\"0\" marginheight=\"0\" scrolling=\"no\" class=\"wp-embedded-content\"><\/iframe><script type=\"text\/javascript\">\n\/* <![CDATA[ *\/\n\/*! This file is auto-generated *\/\n!function(d,l){\"use strict\";l.querySelector&&d.addEventListener&&\"undefined\"!=typeof URL&&(d.wp=d.wp||{},d.wp.receiveEmbedMessage||(d.wp.receiveEmbedMessage=function(e){var t=e.data;if((t||t.secret||t.message||t.value)&&!\/[^a-zA-Z0-9]\/.test(t.secret)){for(var s,r,n,a=l.querySelectorAll('iframe[data-secret=\"'+t.secret+'\"]'),o=l.querySelectorAll('blockquote[data-secret=\"'+t.secret+'\"]'),c=new RegExp(\"^https?:$\",\"i\"),i=0;i<o.length;i++)o[i].style.display=\"none\";for(i=0;i<a.length;i++)s=a[i],e.source===s.contentWindow&&(s.removeAttribute(\"style\"),\"height\"===t.message?(1e3<(r=parseInt(t.value,10))?r=1e3:~~r<200&&(r=200),s.height=r):\"link\"===t.message&&(r=new URL(s.getAttribute(\"src\")),n=new URL(t.value),c.test(n.protocol))&&n.host===r.host&&l.activeElement===s&&(d.top.location.href=t.value))}},d.addEventListener(\"message\",d.wp.receiveEmbedMessage,!1),l.addEventListener(\"DOMContentLoaded\",function(){for(var e,t,s=l.querySelectorAll(\"iframe.wp-embedded-content\"),r=0;r<s.length;r++)(t=(e=s[r]).getAttribute(\"data-secret\"))||(t=Math.random().toString(36).substring(2,12),e.src+=\"#?secret=\"+t,e.setAttribute(\"data-secret\",t)),e.contentWindow.postMessage({message:\"ready\",secret:t},\"*\")},!1)))}(window,document);\n\/\/# sourceURL=https:\/\/mindthepositive.com\/wp-includes\/js\/wp-embed.min.js\n\/* ]]> *\/\n<\/script>\n","thumbnail_url":"https:\/\/mindthepositive.com\/wp-content\/uploads\/2020\/11\/b20f2baf-a2ce-437f-ac29-040c85c4e174.jpg","thumbnail_width":1024,"thumbnail_height":646,"description":"(Yazar\u0131 sesli dinlemek i\u00e7in t\u0131klay\u0131n) Beni yak\u0131ndan tan\u0131yan bilir, mart\u0131lar\u0131 \u00e7ok severim. \u0130stanbul\u2019da do\u011fup b\u00fcy\u00fcm\u00fc\u015f olman\u0131n en g\u00fczel taraf\u0131 da, mart\u0131larla i\u00e7 i\u00e7e ya\u015fama f\u0131rsat\u0131na sahip olmak. Acaba, mart\u0131lara ilgim \u0130stanbul\u2019da ya\u015fanm\u0131\u015fl\u0131ktan m\u0131 geliyor; yoksa mart\u0131lara sevgimden dolay\u0131 m\u0131 \u0130stanbul\u2019un bu yan\u0131 bana \u00e7ekici geliyor? Kim bilir&#8230; Bir ger\u00e7ek var ki, mart\u0131lar bana \u00f6zg\u00fcrl\u00fc\u011f\u00fc simgeliyor; [&hellip;]"}